{"id":2029,"date":"2017-01-19T17:31:41","date_gmt":"2017-01-19T16:31:41","guid":{"rendered":"http:\/\/www.masdelarivoire.fr\/?page_id=2029"},"modified":"2026-04-14T15:07:57","modified_gmt":"2026-04-14T14:07:57","slug":"apartments-holidays-south-france","status":"publish","type":"page","link":"https:\/\/www.masdelarivoire.fr\/en\/apartments-holidays-south-france\/","title":{"rendered":"Apartments"},"content":{"rendered":"<p>[et_pb_section fb_built=&#8221;1&#8243; fullwidth=&#8221;on&#8221; admin_label=&#8221;Section&#8221; _builder_version=&#8221;4.16&#8243; global_colors_info=&#8221;{}&#8221;][et_pb_fullwidth_header title=&#8221;Five comfortable apartments: for a stay with family or friends in the South of France&#8221; content_max_width=&#8221;none&#8221; admin_label=&#8221;En-t\u00eate plein \u00e9cran&#8221; module_class=&#8221;ILD_header_page&#8221; _builder_version=&#8221;4.16&#8243; background_color=&#8221;rgba(255, 255, 255, 0)&#8221; background_image=&#8221;https:\/\/www.masdelarivoire.fr\/wp-content\/uploads\/2016\/01\/img_header_gites.jpg&#8221; background_url=&#8221;https:\/\/www.masdelarivoire.fr\/wp-content\/uploads\/2016\/01\/img_header_gites.jpg&#8221; button_one_letter_spacing_hover=&#8221;0&#8243; button_two_letter_spacing_hover=&#8221;0&#8243; global_colors_info=&#8221;{}&#8221; button_one_text_size__hover_enabled=&#8221;off&#8221; button_two_text_size__hover_enabled=&#8221;off&#8221; button_one_text_color__hover_enabled=&#8221;off&#8221; button_two_text_color__hover_enabled=&#8221;off&#8221; button_one_border_width__hover_enabled=&#8221;off&#8221; button_two_border_width__hover_enabled=&#8221;off&#8221; button_one_border_color__hover_enabled=&#8221;off&#8221; button_two_border_color__hover_enabled=&#8221;off&#8221; button_one_border_radius__hover_enabled=&#8221;off&#8221; button_two_border_radius__hover_enabled=&#8221;off&#8221; button_one_letter_spacing__hover_enabled=&#8221;on&#8221; button_one_letter_spacing__hover=&#8221;0&#8243; button_two_letter_spacing__hover_enabled=&#8221;on&#8221; button_two_letter_spacing__hover=&#8221;0&#8243; button_one_bg_color__hover_enabled=&#8221;off&#8221; button_two_bg_color__hover_enabled=&#8221;off&#8221;][\/et_pb_fullwidth_header][\/et_pb_section][et_pb_section fb_built=&#8221;1&#8243; admin_label=&#8221;Section&#8221; _builder_version=&#8221;4.16&#8243; global_colors_info=&#8221;{}&#8221;][et_pb_row admin_label=&#8221;Ligne&#8221; _builder_version=&#8221;4.16&#8243; background_size=&#8221;initial&#8221; background_position=&#8221;top_left&#8221; background_repeat=&#8221;repeat&#8221; global_colors_info=&#8221;{}&#8221;][et_pb_column type=&#8221;4_4&#8243; _builder_version=&#8221;4.16&#8243; custom_padding=&#8221;|||&#8221; global_colors_info=&#8221;{}&#8221; custom_padding__hover=&#8221;|||&#8221;][et_pb_text admin_label=&#8221;Texte&#8221; _builder_version=&#8221;4.16&#8243; background_size=&#8221;initial&#8221; background_position=&#8221;top_left&#8221; background_repeat=&#8221;repeat&#8221; use_border_color=&#8221;off&#8221; border_color=&#8221;#ffffff&#8221; border_style=&#8221;solid&#8221; global_colors_info=&#8221;{}&#8221;]<\/p>\n<h2>Five apartments with lots of charm and private garden seating<\/h2>\n<p>Whether for a short stay or for a longer holiday on Mas de la Rivoire, for family or group events, for a small family celebration or for a big wedding we have five spacious apartments. All units offer many extras in interior design and privacy in the outdoor areas.<\/p>\n<p>The apartments have spacious living areas with TV corners and decorated bedrooms with double beds (160 x 200cm), some with additional pull-out sofas in the living room. The bathroom showers and \/ or bathtub, modern equipped kitchens with dishwasher and other amenities.<\/p>\n<p>The bed and bath towels are provided, as well as the pool towels. The shared use of a washing machine is possible.<\/p>\n<p>Furthermore, our guests have a fitness room, ample parking spaces and a private oak forest property. A magnificent swimming pool of stone, embedded in a Mediterranean and child-friendly garden, which invites you to linger. Various activities for young and old with table tennis, petanque, featherball, football and volleyball field complete our offer. WIFI connections are available.<\/p>\n<p>Breakfast service optional. The traditional &#8220;tables d&#8217;h\u00f4tes&#8221; tables are organised once or twice a week during the summer, otherwise by arrangement.<\/p>\n<p>For private groups with own cooking team, we are happy to provide a spacious kitchen.<br \/>\n[\/et_pb_text][\/et_pb_column][\/et_pb_row][et_pb_row column_structure=&#8221;1_3,1_3,1_3&#8243; padding_mobile=&#8221;off&#8221; column_padding_mobile=&#8221;on&#8221; admin_label=&#8221;Ligne&#8221; _builder_version=&#8221;4.16&#8243; background_size=&#8221;initial&#8221; background_position=&#8221;top_left&#8221; background_repeat=&#8221;repeat&#8221; make_fullwidth=&#8221;off&#8221; use_custom_width=&#8221;off&#8221; width_unit=&#8221;on&#8221; global_colors_info=&#8221;{}&#8221;][et_pb_column type=&#8221;1_3&#8243; module_class=&#8221;bordure_box_marron_clair&#8221; _builder_version=&#8221;4.16&#8243; custom_padding=&#8221;|||&#8221; global_colors_info=&#8221;{}&#8221; custom_padding__hover=&#8221;|||&#8221;][et_pb_text admin_label=&#8221;Lavande&#8221; _builder_version=&#8221;4.24.2&#8243; background_size=&#8221;initial&#8221; background_position=&#8221;top_left&#8221; background_repeat=&#8221;repeat&#8221; text_orientation=&#8221;center&#8221; module_alignment=&#8221;center&#8221; use_border_color=&#8221;off&#8221; border_color=&#8221;#ffffff&#8221; border_style=&#8221;solid&#8221; global_colors_info=&#8221;{}&#8221;]<\/p>\n<h3 style=\"text-align: center;\">La Lavande<\/h3>\n<p>2 &#8211; 3 people<br \/>60 m\u00b2 living space<br \/>200m\u00b2 privat garden<\/p>\n<p>[\/et_pb_text][et_pb_image src=&#8221;https:\/\/www.masdelarivoire.fr\/wp-content\/uploads\/2016\/01\/img_miniature_gite_lavande.jpg&#8221; alt=&#8221;G\u00eete la Lavande&#8221; url=&#8221;https:\/\/www.masdelarivoire.fr\/gite-lavande-gard-sud-france-sommieres\/?lang=en&#8221; align=&#8221;center&#8221; align_tablet=&#8221;center&#8221; align_phone=&#8221;center&#8221; align_last_edited=&#8221;on|desktop&#8221; admin_label=&#8221;Image&#8221; _builder_version=&#8221;4.16&#8243; animation_style=&#8221;fade&#8221; animation_duration=&#8221;500ms&#8221; use_border_color=&#8221;off&#8221; border_color=&#8221;#ffffff&#8221; border_style=&#8221;solid&#8221; animation=&#8221;fade_in&#8221; sticky=&#8221;off&#8221; always_center_on_mobile=&#8221;on&#8221; global_colors_info=&#8221;{}&#8221;][\/et_pb_image][et_pb_text admin_label=&#8221;Texte&#8221; _builder_version=&#8221;4.16&#8243; background_size=&#8221;initial&#8221; background_position=&#8221;top_left&#8221; background_repeat=&#8221;repeat&#8221; text_orientation=&#8221;center&#8221; module_alignment=&#8221;center&#8221; use_border_color=&#8221;off&#8221; border_color=&#8221;#ffffff&#8221; border_style=&#8221;solid&#8221; global_colors_info=&#8221;{}&#8221;]<a class=\"et_pb_more_button et_pb_button et_pb_button_one\" title=\"More infos\" href=\"https:\/\/www.masdelarivoire.fr\/en\/gite-la-lavande\/?lang=en\">More infos<\/a><br \/>\n[\/et_pb_text][\/et_pb_column][et_pb_column type=&#8221;1_3&#8243; module_class=&#8221;bordure_box_marron_clair&#8221; _builder_version=&#8221;4.16&#8243; custom_padding=&#8221;|||&#8221; global_colors_info=&#8221;{}&#8221; custom_padding__hover=&#8221;|||&#8221;][et_pb_text admin_label=&#8221;L&#8217;Olivette&#8221; _builder_version=&#8221;4.24.2&#8243; background_size=&#8221;initial&#8221; background_position=&#8221;top_left&#8221; background_repeat=&#8221;repeat&#8221; text_orientation=&#8221;center&#8221; module_alignment=&#8221;center&#8221; use_border_color=&#8221;off&#8221; border_color=&#8221;#ffffff&#8221; border_style=&#8221;solid&#8221; global_colors_info=&#8221;{}&#8221;]<\/p>\n<h3 style=\"text-align: center;\">L&#8217;Olivette<\/h3>\n<p>4 people<br \/>60 m\u00b2 living space<br \/>60m\u00b2 privat garden<\/p>\n<p>[\/et_pb_text][et_pb_image src=&#8221;https:\/\/www.masdelarivoire.fr\/wp-content\/uploads\/2016\/01\/img_deco_tarif_gite_olivette.jpg&#8221; alt=&#8221;G\u00eete l&#8217;olivette : vaste s\u00e9jour ensolleill\u00e9 en pierre&#8221; url=&#8221;https:\/\/www.masdelarivoire.fr\/gite-olivette-sejour-gard-sommieres-sud-france\/?lang=en&#8221; align=&#8221;center&#8221; align_tablet=&#8221;center&#8221; align_phone=&#8221;center&#8221; align_last_edited=&#8221;on|desktop&#8221; admin_label=&#8221;Image&#8221; _builder_version=&#8221;4.16&#8243; animation_style=&#8221;fade&#8221; animation_duration=&#8221;500ms&#8221; use_border_color=&#8221;off&#8221; border_color=&#8221;#ffffff&#8221; border_style=&#8221;solid&#8221; animation=&#8221;fade_in&#8221; sticky=&#8221;off&#8221; always_center_on_mobile=&#8221;on&#8221; global_colors_info=&#8221;{}&#8221;][\/et_pb_image][et_pb_text admin_label=&#8221;Texte&#8221; _builder_version=&#8221;4.16&#8243; background_size=&#8221;initial&#8221; background_position=&#8221;top_left&#8221; background_repeat=&#8221;repeat&#8221; text_orientation=&#8221;center&#8221; module_alignment=&#8221;center&#8221; use_border_color=&#8221;off&#8221; border_color=&#8221;#ffffff&#8221; border_style=&#8221;solid&#8221; global_colors_info=&#8221;{}&#8221;]<a class=\"et_pb_more_button et_pb_button et_pb_button_one\" title=\"More infos\" href=\"https:\/\/www.masdelarivoire.fr\/en\/gite-lolivette\/?lang=en\">More infos<\/a><br \/>\n[\/et_pb_text][\/et_pb_column][et_pb_column type=&#8221;1_3&#8243; module_class=&#8221;bordure_box_marron_clair&#8221; _builder_version=&#8221;4.16&#8243; custom_padding=&#8221;|||&#8221; global_colors_info=&#8221;{}&#8221; custom_padding__hover=&#8221;|||&#8221;][et_pb_text admin_label=&#8221;Cigale&#8221; _builder_version=&#8221;4.16&#8243; background_size=&#8221;initial&#8221; background_position=&#8221;top_left&#8221; background_repeat=&#8221;repeat&#8221; text_orientation=&#8221;center&#8221; module_alignment=&#8221;center&#8221; use_border_color=&#8221;off&#8221; border_color=&#8221;#ffffff&#8221; border_style=&#8221;solid&#8221; global_colors_info=&#8221;{}&#8221;]<\/p>\n<h3 style=\"text-align: center;\">La Cigale<\/h3>\n<p>6 people<br \/>\n92 m\u00b2 living space<br \/>\n800m\u00b2 privat garden<br \/>\n[\/et_pb_text][et_pb_image src=&#8221;https:\/\/www.masdelarivoire.fr\/wp-content\/uploads\/2016\/01\/img_deco_tarif_gite_cigale.jpg&#8221; alt=&#8221;G\u00eete la Cigale&#8221; url=&#8221;https:\/\/www.masdelarivoire.fr\/gite-cigale-vacances-sommieres-gard-france\/?lang=en&#8221; align=&#8221;center&#8221; align_tablet=&#8221;center&#8221; align_phone=&#8221;center&#8221; align_last_edited=&#8221;on|desktop&#8221; admin_label=&#8221;Image&#8221; _builder_version=&#8221;4.16&#8243; animation_style=&#8221;fade&#8221; animation_duration=&#8221;500ms&#8221; use_border_color=&#8221;off&#8221; border_color=&#8221;#ffffff&#8221; border_style=&#8221;solid&#8221; animation=&#8221;fade_in&#8221; sticky=&#8221;off&#8221; always_center_on_mobile=&#8221;on&#8221; global_colors_info=&#8221;{}&#8221;][\/et_pb_image][et_pb_text admin_label=&#8221;Texte&#8221; _builder_version=&#8221;4.16&#8243; background_size=&#8221;initial&#8221; background_position=&#8221;top_left&#8221; background_repeat=&#8221;repeat&#8221; text_orientation=&#8221;center&#8221; module_alignment=&#8221;center&#8221; use_border_color=&#8221;off&#8221; border_color=&#8221;#ffffff&#8221; border_style=&#8221;solid&#8221; global_colors_info=&#8221;{}&#8221;]<a class=\"et_pb_more_button et_pb_button et_pb_button_one\" title=\"More infos\" href=\"https:\/\/www.masdelarivoire.fr\/en\/apartment-la-cigale\/?lang=en\">More infos<\/a><br \/>\n[\/et_pb_text][\/et_pb_column][\/et_pb_row][et_pb_row column_structure=&#8221;1_3,1_3,1_3&#8243; padding_mobile=&#8221;off&#8221; column_padding_mobile=&#8221;on&#8221; admin_label=&#8221;Ligne&#8221; _builder_version=&#8221;4.24.2&#8243; background_size=&#8221;initial&#8221; background_position=&#8221;top_left&#8221; background_repeat=&#8221;repeat&#8221; hover_enabled=&#8221;0&#8243; make_fullwidth=&#8221;off&#8221; use_custom_width=&#8221;off&#8221; width_unit=&#8221;on&#8221; global_colors_info=&#8221;{}&#8221; sticky_enabled=&#8221;0&#8243;][et_pb_column type=&#8221;1_3&#8243; module_class=&#8221;bordure_box_marron_clair&#8221; _builder_version=&#8221;4.16&#8243; custom_padding=&#8221;|||&#8221; global_colors_info=&#8221;{}&#8221; custom_padding__hover=&#8221;|||&#8221;][et_pb_text admin_label=&#8221;Vignoble&#8221; _builder_version=&#8221;4.24.2&#8243; background_size=&#8221;initial&#8221; background_position=&#8221;top_left&#8221; background_repeat=&#8221;repeat&#8221; text_orientation=&#8221;center&#8221; module_alignment=&#8221;center&#8221; use_border_color=&#8221;off&#8221; border_color=&#8221;#ffffff&#8221; border_style=&#8221;solid&#8221; global_colors_info=&#8221;{}&#8221;]<\/p>\n<h3 style=\"text-align: center;\">Le Vignoble<\/h3>\n<p>4 people<br \/>83 m\u00b2 living space<br \/>300m\u00b2 privat garden<\/p>\n<p>[\/et_pb_text][et_pb_image src=&#8221;https:\/\/www.masdelarivoire.fr\/wp-content\/uploads\/2016\/01\/img_deco_tarif_gite_vignoble.jpg&#8221; alt=&#8221;G\u00eete le Vignoble&#8221; url=&#8221;https:\/\/www.masdelarivoire.fr\/gite-vignoble-sejour-mas-gard-sud-france\/?lang=en&#8221; align=&#8221;center&#8221; align_tablet=&#8221;center&#8221; align_phone=&#8221;center&#8221; align_last_edited=&#8221;on|desktop&#8221; admin_label=&#8221;Image&#8221; _builder_version=&#8221;4.16&#8243; animation_style=&#8221;fade&#8221; animation_duration=&#8221;500ms&#8221; use_border_color=&#8221;off&#8221; border_color=&#8221;#ffffff&#8221; border_style=&#8221;solid&#8221; animation=&#8221;fade_in&#8221; sticky=&#8221;off&#8221; always_center_on_mobile=&#8221;on&#8221; global_colors_info=&#8221;{}&#8221;][\/et_pb_image][et_pb_text admin_label=&#8221;Texte&#8221; _builder_version=&#8221;4.16&#8243; background_size=&#8221;initial&#8221; background_position=&#8221;top_left&#8221; background_repeat=&#8221;repeat&#8221; text_orientation=&#8221;center&#8221; module_alignment=&#8221;center&#8221; use_border_color=&#8221;off&#8221; border_color=&#8221;#ffffff&#8221; border_style=&#8221;solid&#8221; global_colors_info=&#8221;{}&#8221;]<a class=\"et_pb_more_button et_pb_button et_pb_button_one\" title=\"More infos\" href=\"https:\/\/www.masdelarivoire.fr\/en\/apartment-le-vignoble\/?lang=en\">More infos<\/a><br \/>\n[\/et_pb_text][\/et_pb_column][et_pb_column type=&#8221;1_3&#8243; module_class=&#8221;bordure_box_marron_clair&#8221; _builder_version=&#8221;4.24.2&#8243; custom_padding=&#8221;|||&#8221; hover_enabled=&#8221;0&#8243; global_colors_info=&#8221;{}&#8221; custom_padding__hover=&#8221;|||&#8221; sticky_enabled=&#8221;0&#8243;][et_pb_text admin_label=&#8221;Glycine&#8221; _builder_version=&#8221;4.24.2&#8243; background_size=&#8221;initial&#8221; background_position=&#8221;top_left&#8221; background_repeat=&#8221;repeat&#8221; text_orientation=&#8221;center&#8221; module_alignment=&#8221;center&#8221; use_border_color=&#8221;off&#8221; border_color=&#8221;#ffffff&#8221; border_style=&#8221;solid&#8221; global_colors_info=&#8221;{}&#8221;]<\/p>\n<h3 style=\"text-align: center;\">La Glycine<\/h3>\n<p>4-6 people<br \/>98 m\u00b2 living space<br \/>80m\u00b2 privat garden<\/p>\n<p>[\/et_pb_text][et_pb_image src=&#8221;https:\/\/www.masdelarivoire.fr\/wp-content\/uploads\/2016\/01\/img_deco_tarif_gite_glycine.jpg&#8221; alt=&#8221;G\u00eete le Vignoble&#8221; url=&#8221;https:\/\/www.masdelarivoire.fr\/gite-glycine-vacances-gard-mas-provencal\/?lang=en&#8221; align=&#8221;center&#8221; align_tablet=&#8221;center&#8221; align_phone=&#8221;center&#8221; align_last_edited=&#8221;on|desktop&#8221; admin_label=&#8221;Image&#8221; _builder_version=&#8221;4.16&#8243; animation_style=&#8221;fade&#8221; animation_duration=&#8221;500ms&#8221; use_border_color=&#8221;off&#8221; border_color=&#8221;#ffffff&#8221; border_style=&#8221;solid&#8221; animation=&#8221;fade_in&#8221; sticky=&#8221;off&#8221; always_center_on_mobile=&#8221;on&#8221; global_colors_info=&#8221;{}&#8221;][\/et_pb_image][et_pb_text admin_label=&#8221;Texte&#8221; _builder_version=&#8221;4.16&#8243; background_size=&#8221;initial&#8221; background_position=&#8221;top_left&#8221; background_repeat=&#8221;repeat&#8221; text_orientation=&#8221;center&#8221; module_alignment=&#8221;center&#8221; use_border_color=&#8221;off&#8221; border_color=&#8221;#ffffff&#8221; border_style=&#8221;solid&#8221; global_colors_info=&#8221;{}&#8221;]<a class=\"et_pb_more_button et_pb_button et_pb_button_one\" title=\"More infos\" href=\"https:\/\/www.masdelarivoire.fr\/en\/apartment-la-glycine\/?lang=en\">More infos<\/a><br \/>\n[\/et_pb_text][\/et_pb_column][et_pb_column type=&#8221;1_3&#8243; _builder_version=&#8221;4.24.2&#8243; custom_padding=&#8221;|||&#8221; hover_enabled=&#8221;0&#8243; global_colors_info=&#8221;{}&#8221; custom_padding__hover=&#8221;|||&#8221; module_class=&#8221;bordure_box_marron_clair&#8221; sticky_enabled=&#8221;0&#8243;][et_pb_text admin_label=&#8221;Glycine&#8221; _builder_version=&#8221;4.24.2&#8243; background_size=&#8221;initial&#8221; background_position=&#8221;top_left&#8221; background_repeat=&#8221;repeat&#8221; text_orientation=&#8221;center&#8221; module_alignment=&#8221;center&#8221; hover_enabled=&#8221;0&#8243; use_border_color=&#8221;off&#8221; border_color=&#8221;#ffffff&#8221; border_style=&#8221;solid&#8221; global_colors_info=&#8221;{}&#8221; sticky_enabled=&#8221;0&#8243;]<\/p>\n<h3 style=\"text-align: center;\">Le Romarin<\/h3>\n<p>4 people<br \/>60 m\u00b2 living space<\/p>\n<p>[\/et_pb_text][et_pb_image src=&#8221;https:\/\/www.masdelarivoire.fr\/wp-content\/uploads\/2016\/01\/img_deco_tarif_chambre_mirabelle.jpg&#8221; alt=&#8221;G\u00eete le Vignoble&#8221; url=&#8221;https:\/\/www.masdelarivoire.fr\/gite-glycine-vacances-gard-mas-provencal\/?lang=en&#8221; align=&#8221;center&#8221; align_tablet=&#8221;center&#8221; align_phone=&#8221;center&#8221; align_last_edited=&#8221;on|desktop&#8221; admin_label=&#8221;Image&#8221; _builder_version=&#8221;4.24.2&#8243; animation_style=&#8221;fade&#8221; animation_duration=&#8221;500ms&#8221; hover_enabled=&#8221;0&#8243; use_border_color=&#8221;off&#8221; border_color=&#8221;#ffffff&#8221; border_style=&#8221;solid&#8221; animation=&#8221;fade_in&#8221; sticky=&#8221;off&#8221; always_center_on_mobile=&#8221;on&#8221; global_colors_info=&#8221;{}&#8221; title_text=&#8221;img_deco_tarif_chambre_mirabelle&#8221; sticky_enabled=&#8221;0&#8243;][\/et_pb_image][et_pb_text admin_label=&#8221;Texte&#8221; _builder_version=&#8221;4.24.2&#8243; background_size=&#8221;initial&#8221; background_position=&#8221;top_left&#8221; background_repeat=&#8221;repeat&#8221; text_orientation=&#8221;center&#8221; module_alignment=&#8221;center&#8221; hover_enabled=&#8221;0&#8243; use_border_color=&#8221;off&#8221; border_color=&#8221;#ffffff&#8221; border_style=&#8221;solid&#8221; global_colors_info=&#8221;{}&#8221; sticky_enabled=&#8221;0&#8243;]<\/p>\n<p><a class=\"et_pb_more_button et_pb_button et_pb_button_one\" title=\"More infos\" href=\"https:\/\/www.masdelarivoire.fr\/en\/apartment-le-romarin\/?lang=en\">More infos<\/a><\/p>\n<p>[\/et_pb_text][\/et_pb_column][\/et_pb_row][et_pb_row admin_label=&#8221;Ligne&#8221; _builder_version=&#8221;4.16&#8243; background_size=&#8221;initial&#8221; background_position=&#8221;top_left&#8221; background_repeat=&#8221;repeat&#8221; global_colors_info=&#8221;{}&#8221;][et_pb_column type=&#8221;4_4&#8243; _builder_version=&#8221;4.16&#8243; custom_padding=&#8221;|||&#8221; global_colors_info=&#8221;{}&#8221; custom_padding__hover=&#8221;|||&#8221;][et_pb_text admin_label=&#8221;Texte&#8221; _builder_version=&#8221;4.16&#8243; background_size=&#8221;initial&#8221; background_position=&#8221;top_left&#8221; background_repeat=&#8221;repeat&#8221; use_border_color=&#8221;off&#8221; border_color=&#8221;#ffffff&#8221; border_style=&#8221;solid&#8221; global_colors_info=&#8221;{}&#8221;]<\/p>\n<h2>For short or long term stays &#8211; Alone, for two or with family &amp; friends.<\/h2>\n<p>In a historic, former winery farm, we offer modern designed apartments for our guests. The Mas is characterised by the typical natural stone walls. The walls, which are up to 60 cm thick, make it possible to maintain a pleasant room climate in our living units in summer without air conditioning.<\/p>\n<p>The cozy inner courtyard is available to our guests for a convivial get-together. Likewise the communal lounge &#8220;La Vo\u00fbte&#8221;, an imposing vaulted cellar with 40 m\u00b2. with a splendid chimney.<\/p>\n<p>A breakfast service for the apartment tenant is optional.<\/p>\n<p>There is also a gym and a free Wifi lounge. A magnificent stone built swimming pool, embedded in a Mediterranean and child-friendly garden, invites you to linger. Various facilities for young and old, such as table tennis, petanque, featherball, football and volleyball complete our offer.<\/p>\n<p>Important information about the various activities and excursions can be found under: <a href=\"https:\/\/www.masdelarivoire.fr\/activities-sports-visits-history-south-france\/?lang=en\">Activities and Region<\/a><br \/>\n[\/et_pb_text][\/et_pb_column][\/et_pb_row][et_pb_row admin_label=&#8221;Ligne&#8221; _builder_version=&#8221;4.16&#8243; background_size=&#8221;initial&#8221; background_position=&#8221;top_left&#8221; background_repeat=&#8221;repeat&#8221; global_colors_info=&#8221;{}&#8221;][et_pb_column type=&#8221;4_4&#8243; _builder_version=&#8221;4.16&#8243; custom_padding=&#8221;|||&#8221; global_colors_info=&#8221;{}&#8221; custom_padding__hover=&#8221;|||&#8221;][et_pb_text admin_label=&#8221;Texte&#8221; _builder_version=&#8221;4.16&#8243; background_size=&#8221;initial&#8221; background_position=&#8221;top_left&#8221; background_repeat=&#8221;repeat&#8221; use_border_color=&#8221;off&#8221; border_color=&#8221;#ffffff&#8221; border_style=&#8221;solid&#8221; global_colors_info=&#8221;{}&#8221;]<\/p>\n<h2><img decoding=\"async\" class=\"alignleft ILD_icone_titre_contenu\" src=\"https:\/\/www.masdelarivoire.fr\/wp-content\/uploads\/2016\/02\/img_icone_photo_contenu.png\" alt=\"icone photographies des gites et chambre d'hotes du mas de la rivoire\" \/>Some photos<\/h2>\n<p>[\/et_pb_text][\/et_pb_column][\/et_pb_row][et_pb_row admin_label=&#8221;Ligne&#8221; _builder_version=&#8221;4.16&#8243; background_size=&#8221;initial&#8221; background_position=&#8221;top_left&#8221; background_repeat=&#8221;repeat&#8221; global_colors_info=&#8221;{}&#8221;][et_pb_column type=&#8221;4_4&#8243; _builder_version=&#8221;4.16&#8243; custom_padding=&#8221;|||&#8221; global_colors_info=&#8221;{}&#8221; custom_padding__hover=&#8221;|||&#8221;][et_pb_gallery gallery_ids=&#8221;1406,1408,1414,1416,1926,1929,1932,2240,2243,2252,2225,2234&#8243; gallery_orderby=&#8221;rand&#8221; posts_number=&#8221;12&#8243; show_pagination=&#8221;off&#8221; admin_label=&#8221;Galerie&#8221; _builder_version=&#8221;4.16&#8243; use_border_color=&#8221;off&#8221; border_color=&#8221;#ffffff&#8221; border_style=&#8221;solid&#8221; global_colors_info=&#8221;{}&#8221;][\/et_pb_gallery][\/et_pb_column][\/et_pb_row][\/et_pb_section]<\/p>\n","protected":false},"excerpt":{"rendered":"<p>Five apartments with lots of charm and private garden seating Whether for a short stay or for a longer holiday on Mas de la Rivoire, for family or group events, for a small family celebration or for a big wedding we have five spacious apartments. All units offer many extras in interior design and privacy [&hellip;]<\/p>\n","protected":false},"author":1,"featured_media":0,"parent":0,"menu_order":0,"comment_status":"closed","ping_status":"closed","template":"","meta":{"_et_pb_use_builder":"on","_et_pb_old_content":"","_et_gb_content_width":"","_exactmetrics_skip_tracking":false,"_exactmetrics_sitenote_active":false,"_exactmetrics_sitenote_note":"","_exactmetrics_sitenote_category":0,"footnotes":""},"class_list":["post-2029","page","type-page","status-publish","hentry"],"yoast_head":"<!-- This site is optimized with the Yoast SEO plugin v27.4 - https:\/\/yoast.com\/product\/yoast-seo-wordpress\/ -->\n<title>Apartments - Mas de la Rivoire<\/title>\n<meta name=\"robots\" content=\"index, follow, max-snippet:-1, max-image-preview:large, max-video-preview:-1\" \/>\n<link rel=\"canonical\" href=\"https:\/\/www.masdelarivoire.fr\/en\/apartments-holidays-south-france\/\" \/>\n<meta property=\"og:locale\" content=\"en_US\" \/>\n<meta property=\"og:type\" content=\"article\" \/>\n<meta property=\"og:title\" content=\"Apartments - Mas de la Rivoire\" \/>\n<meta property=\"og:description\" content=\"Five apartments with lots of charm and private garden seating Whether for a short stay or for a longer holiday on Mas de la Rivoire, for family or group events, for a small family celebration or for a big wedding we have five spacious apartments. All units offer many extras in interior design and privacy [&hellip;]\" \/>\n<meta property=\"og:url\" content=\"https:\/\/www.masdelarivoire.fr\/en\/apartments-holidays-south-france\/\" \/>\n<meta property=\"og:site_name\" content=\"Mas de la Rivoire\" \/>\n<meta property=\"article:modified_time\" content=\"2026-04-14T14:07:57+00:00\" \/>\n<meta property=\"og:image\" content=\"https:\/\/www.masdelarivoire.fr\/wp-content\/uploads\/2016\/02\/img_icone_photo_contenu.png\" \/>\n<meta name=\"twitter:card\" content=\"summary_large_image\" \/>\n<meta name=\"twitter:label1\" content=\"Est. reading time\" \/>\n\t<meta name=\"twitter:data1\" content=\"7 minutes\" \/>\n<script type=\"application\/ld+json\" class=\"yoast-schema-graph\">{\"@context\":\"https:\\\/\\\/schema.org\",\"@graph\":[{\"@type\":\"WebPage\",\"@id\":\"https:\\\/\\\/www.masdelarivoire.fr\\\/en\\\/apartments-holidays-south-france\\\/\",\"url\":\"https:\\\/\\\/www.masdelarivoire.fr\\\/en\\\/apartments-holidays-south-france\\\/\",\"name\":\"Apartments - Mas de la Rivoire\",\"isPartOf\":{\"@id\":\"https:\\\/\\\/www.masdelarivoire.fr\\\/#website\"},\"primaryImageOfPage\":{\"@id\":\"https:\\\/\\\/www.masdelarivoire.fr\\\/en\\\/apartments-holidays-south-france\\\/#primaryimage\"},\"image\":{\"@id\":\"https:\\\/\\\/www.masdelarivoire.fr\\\/en\\\/apartments-holidays-south-france\\\/#primaryimage\"},\"thumbnailUrl\":\"https:\\\/\\\/www.masdelarivoire.fr\\\/wp-content\\\/uploads\\\/2016\\\/02\\\/img_icone_photo_contenu.png\",\"datePublished\":\"2017-01-19T16:31:41+00:00\",\"dateModified\":\"2026-04-14T14:07:57+00:00\",\"breadcrumb\":{\"@id\":\"https:\\\/\\\/www.masdelarivoire.fr\\\/en\\\/apartments-holidays-south-france\\\/#breadcrumb\"},\"inLanguage\":\"en-US\",\"potentialAction\":[{\"@type\":\"ReadAction\",\"target\":[\"https:\\\/\\\/www.masdelarivoire.fr\\\/en\\\/apartments-holidays-south-france\\\/\"]}]},{\"@type\":\"ImageObject\",\"inLanguage\":\"en-US\",\"@id\":\"https:\\\/\\\/www.masdelarivoire.fr\\\/en\\\/apartments-holidays-south-france\\\/#primaryimage\",\"url\":\"https:\\\/\\\/www.masdelarivoire.fr\\\/wp-content\\\/uploads\\\/2016\\\/02\\\/img_icone_photo_contenu.png\",\"contentUrl\":\"https:\\\/\\\/www.masdelarivoire.fr\\\/wp-content\\\/uploads\\\/2016\\\/02\\\/img_icone_photo_contenu.png\"},{\"@type\":\"BreadcrumbList\",\"@id\":\"https:\\\/\\\/www.masdelarivoire.fr\\\/en\\\/apartments-holidays-south-france\\\/#breadcrumb\",\"itemListElement\":[{\"@type\":\"ListItem\",\"position\":1,\"name\":\"Accueil\",\"item\":\"https:\\\/\\\/www.masdelarivoire.fr\\\/en\\\/\"},{\"@type\":\"ListItem\",\"position\":2,\"name\":\"Apartments\"}]},{\"@type\":\"WebSite\",\"@id\":\"https:\\\/\\\/www.masdelarivoire.fr\\\/#website\",\"url\":\"https:\\\/\\\/www.masdelarivoire.fr\\\/\",\"name\":\"Mas de la Rivoire\",\"description\":\"G\u00eetes et Chambres d&#039;H\u00f4tes \u00e0 proximit\u00e9 de Sommi\u00e8res - Gard - Sud de la France\",\"potentialAction\":[{\"@type\":\"SearchAction\",\"target\":{\"@type\":\"EntryPoint\",\"urlTemplate\":\"https:\\\/\\\/www.masdelarivoire.fr\\\/?s={search_term_string}\"},\"query-input\":{\"@type\":\"PropertyValueSpecification\",\"valueRequired\":true,\"valueName\":\"search_term_string\"}}],\"inLanguage\":\"en-US\"}]}<\/script>\n<!-- \/ Yoast SEO plugin. -->","yoast_head_json":{"title":"Apartments - Mas de la Rivoire","robots":{"index":"index","follow":"follow","max-snippet":"max-snippet:-1","max-image-preview":"max-image-preview:large","max-video-preview":"max-video-preview:-1"},"canonical":"https:\/\/www.masdelarivoire.fr\/en\/apartments-holidays-south-france\/","og_locale":"en_US","og_type":"article","og_title":"Apartments - Mas de la Rivoire","og_description":"Five apartments with lots of charm and private garden seating Whether for a short stay or for a longer holiday on Mas de la Rivoire, for family or group events, for a small family celebration or for a big wedding we have five spacious apartments. All units offer many extras in interior design and privacy [&hellip;]","og_url":"https:\/\/www.masdelarivoire.fr\/en\/apartments-holidays-south-france\/","og_site_name":"Mas de la Rivoire","article_modified_time":"2026-04-14T14:07:57+00:00","og_image":[{"url":"https:\/\/www.masdelarivoire.fr\/wp-content\/uploads\/2016\/02\/img_icone_photo_contenu.png","type":"","width":"","height":""}],"twitter_card":"summary_large_image","twitter_misc":{"Est. reading time":"7 minutes"},"schema":{"@context":"https:\/\/schema.org","@graph":[{"@type":"WebPage","@id":"https:\/\/www.masdelarivoire.fr\/en\/apartments-holidays-south-france\/","url":"https:\/\/www.masdelarivoire.fr\/en\/apartments-holidays-south-france\/","name":"Apartments - Mas de la Rivoire","isPartOf":{"@id":"https:\/\/www.masdelarivoire.fr\/#website"},"primaryImageOfPage":{"@id":"https:\/\/www.masdelarivoire.fr\/en\/apartments-holidays-south-france\/#primaryimage"},"image":{"@id":"https:\/\/www.masdelarivoire.fr\/en\/apartments-holidays-south-france\/#primaryimage"},"thumbnailUrl":"https:\/\/www.masdelarivoire.fr\/wp-content\/uploads\/2016\/02\/img_icone_photo_contenu.png","datePublished":"2017-01-19T16:31:41+00:00","dateModified":"2026-04-14T14:07:57+00:00","breadcrumb":{"@id":"https:\/\/www.masdelarivoire.fr\/en\/apartments-holidays-south-france\/#breadcrumb"},"inLanguage":"en-US","potentialAction":[{"@type":"ReadAction","target":["https:\/\/www.masdelarivoire.fr\/en\/apartments-holidays-south-france\/"]}]},{"@type":"ImageObject","inLanguage":"en-US","@id":"https:\/\/www.masdelarivoire.fr\/en\/apartments-holidays-south-france\/#primaryimage","url":"https:\/\/www.masdelarivoire.fr\/wp-content\/uploads\/2016\/02\/img_icone_photo_contenu.png","contentUrl":"https:\/\/www.masdelarivoire.fr\/wp-content\/uploads\/2016\/02\/img_icone_photo_contenu.png"},{"@type":"BreadcrumbList","@id":"https:\/\/www.masdelarivoire.fr\/en\/apartments-holidays-south-france\/#breadcrumb","itemListElement":[{"@type":"ListItem","position":1,"name":"Accueil","item":"https:\/\/www.masdelarivoire.fr\/en\/"},{"@type":"ListItem","position":2,"name":"Apartments"}]},{"@type":"WebSite","@id":"https:\/\/www.masdelarivoire.fr\/#website","url":"https:\/\/www.masdelarivoire.fr\/","name":"Mas de la Rivoire","description":"G\u00eetes et Chambres d&#039;H\u00f4tes \u00e0 proximit\u00e9 de Sommi\u00e8res - Gard - Sud de la France","potentialAction":[{"@type":"SearchAction","target":{"@type":"EntryPoint","urlTemplate":"https:\/\/www.masdelarivoire.fr\/?s={search_term_string}"},"query-input":{"@type":"PropertyValueSpecification","valueRequired":true,"valueName":"search_term_string"}}],"inLanguage":"en-US"}]}},"_links":{"self":[{"href":"https:\/\/www.masdelarivoire.fr\/en\/wp-json\/wp\/v2\/pages\/2029","targetHints":{"allow":["GET"]}}],"collection":[{"href":"https:\/\/www.masdelarivoire.fr\/en\/wp-json\/wp\/v2\/pages"}],"about":[{"href":"https:\/\/www.masdelarivoire.fr\/en\/wp-json\/wp\/v2\/types\/page"}],"author":[{"embeddable":true,"href":"https:\/\/www.masdelarivoire.fr\/en\/wp-json\/wp\/v2\/users\/1"}],"replies":[{"embeddable":true,"href":"https:\/\/www.masdelarivoire.fr\/en\/wp-json\/wp\/v2\/comments?post=2029"}],"version-history":[{"count":13,"href":"https:\/\/www.masdelarivoire.fr\/en\/wp-json\/wp\/v2\/pages\/2029\/revisions"}],"predecessor-version":[{"id":3988,"href":"https:\/\/www.masdelarivoire.fr\/en\/wp-json\/wp\/v2\/pages\/2029\/revisions\/3988"}],"wp:attachment":[{"href":"https:\/\/www.masdelarivoire.fr\/en\/wp-json\/wp\/v2\/media?parent=2029"}],"curies":[{"name":"wp","href":"https:\/\/api.w.org\/{rel}","templated":true}]}}