{"id":2478,"date":"2019-03-25T17:06:55","date_gmt":"2019-03-25T16:06:55","guid":{"rendered":"https:\/\/www.masdelarivoire.fr\/events-diary-guest-house-south-france\/"},"modified":"2025-12-30T16:49:43","modified_gmt":"2025-12-30T15:49:43","slug":"vorschau-im-mas-de-la-rivoire-gaestezimmer-sued-frankreich","status":"publish","type":"page","link":"https:\/\/www.masdelarivoire.fr\/de\/vorschau-im-mas-de-la-rivoire-gaestezimmer-sued-frankreich\/","title":{"rendered":"Kalender"},"content":{"rendered":"<p>[et_pb_section fb_built=&#8220;1&#8243; fullwidth=&#8220;on&#8220; custom_padding_last_edited=&#8220;on|desktop&#8220; admin_label=&#8220;Section&#8220; _builder_version=&#8220;4.16&#8243; custom_padding_tablet=&#8220;50px|0|50px|0&#8243; custom_padding_phone=&#8220;50px|0|50px|0&#8243; transparent_background=&#8220;off&#8220; padding_mobile=&#8220;off&#8220; make_fullwidth=&#8220;off&#8220; use_custom_width=&#8220;off&#8220; width_unit=&#8220;off&#8220; custom_width_px=&#8220;1080px&#8220; custom_width_percent=&#8220;80%&#8220; global_colors_info=&#8220;{}&#8220;][et_pb_fullwidth_header title=&#8220;Kalender von Mas de la Rivoire&#8220; subhead=&#8220;Sport, Wellness &#8230; W\u00e4hlen und planen Sie Ihren sch\u00f6nsten Urlaub!&#8220; text_orientation=&#8220;center&#8220; content_max_width=&#8220;none&#8220; admin_label=&#8220;En-t\u00eate plein \u00e9cran&#8220; module_class=&#8220;ILD_header_page&#8220; _builder_version=&#8220;4.16&#8243; content_font_size=&#8220;14px&#8220; background_color=&#8220;rgba(255, 255, 255, 0)&#8220; background_image=&#8220;https:\/\/www.masdelarivoire.fr\/wp-content\/uploads\/2018\/12\/img_header_presentation_mas_rivoire.jpg&#8220; background_url=&#8220;https:\/\/www.masdelarivoire.fr\/wp-content\/uploads\/2018\/12\/img_header_presentation_mas_rivoire.jpg&#8220; button_one_letter_spacing_hover=&#8220;0&#8243; button_two_letter_spacing_hover=&#8220;0&#8243; global_colors_info=&#8220;{}&#8220; button_one_text_size__hover_enabled=&#8220;off&#8220; button_two_text_size__hover_enabled=&#8220;off&#8220; button_one_text_color__hover_enabled=&#8220;off&#8220; button_two_text_color__hover_enabled=&#8220;off&#8220; button_one_border_width__hover_enabled=&#8220;off&#8220; button_two_border_width__hover_enabled=&#8220;off&#8220; button_one_border_color__hover_enabled=&#8220;off&#8220; button_two_border_color__hover_enabled=&#8220;off&#8220; button_one_border_radius__hover_enabled=&#8220;off&#8220; button_two_border_radius__hover_enabled=&#8220;off&#8220; button_one_letter_spacing__hover_enabled=&#8220;on&#8220; button_one_letter_spacing__hover=&#8220;0&#8243; button_two_letter_spacing__hover_enabled=&#8220;on&#8220; button_two_letter_spacing__hover=&#8220;0&#8243; button_one_bg_color__hover_enabled=&#8220;off&#8220; button_two_bg_color__hover_enabled=&#8220;off&#8220;][\/et_pb_fullwidth_header][\/et_pb_section][et_pb_section fb_built=&#8220;1&#8243; custom_padding_last_edited=&#8220;on|desktop&#8220; admin_label=&#8220;Section&#8220; _builder_version=&#8220;4.16&#8243; custom_padding_tablet=&#8220;50px|0|50px|0&#8243; custom_padding_phone=&#8220;50px|0|50px|0&#8243; transparent_background=&#8220;off&#8220; padding_mobile=&#8220;off&#8220; make_fullwidth=&#8220;off&#8220; use_custom_width=&#8220;off&#8220; width_unit=&#8220;off&#8220; custom_width_px=&#8220;1080px&#8220; custom_width_percent=&#8220;80%&#8220; global_colors_info=&#8220;{}&#8220;][et_pb_row padding_mobile=&#8220;off&#8220; column_padding_mobile=&#8220;on&#8220; admin_label=&#8220;Ligne&#8220; _builder_version=&#8220;4.16&#8243; background_size=&#8220;initial&#8220; background_position=&#8220;top_left&#8220; background_repeat=&#8220;repeat&#8220; make_fullwidth=&#8220;off&#8220; use_custom_width=&#8220;off&#8220; width_unit=&#8220;off&#8220; custom_width_px=&#8220;1080px&#8220; custom_width_percent=&#8220;80%&#8220; global_colors_info=&#8220;{}&#8220;][et_pb_column type=&#8220;4_4&#8243; _builder_version=&#8220;4.16&#8243; custom_padding=&#8220;|||&#8220; global_colors_info=&#8220;{}&#8220; custom_padding__hover=&#8220;|||&#8220;][et_pb_text admin_label=&#8220;Texte d&#8217;accueil&#8220; _builder_version=&#8220;4.24.2&#8243; background_size=&#8220;initial&#8220; background_position=&#8220;top_left&#8220; background_repeat=&#8220;repeat&#8220; hover_enabled=&#8220;0&#8243; use_border_color=&#8220;off&#8220; border_style=&#8220;solid&#8220; global_colors_info=&#8220;{}&#8220; sticky_enabled=&#8220;0&#8243;]<\/p>\n<h2><img decoding=\"async\" class=\"alignleft ILD_icone_titre_contenu\" src=\"..\/..\/wp-content\/uploads\/2016\/02\/img_icone_mas_rivoire_contenu.png\" alt=\"icone des gites et chambre d'hotes du mas de la rivoire\" \/>Kalender 2026 Von Mas de la Rivoire<\/h2>\n<p>&nbsp;<\/p>\n<div>\u00a0<\/div>\n<p>&nbsp;<\/p>\n<p>&nbsp;<\/p>\n<p><strong>Januar<\/strong><\/p>\n<ul>\n<li>11.1. Cr\u00e9ation de ton Visionboard, Cacao sacr\u00e9 avec Fabienne &amp; C\u00e9cile <a href=\"mailto:info@masdelarivoire.com\">info@masdelarivoire.com<\/a><\/li>\n<li>17\/18.01 M\u00e9decine Chinoise avec Dr. \u00c9dithe Aussedat <a href=\"tel:06 21 89 28 69\">06 21 89 28 69<\/a><\/li>\n<li>17.01 Activation de l\u2019\u00e9nergie vital, Osho Dynamics <a href=\"mailto:info@masdelarivoire.com\">info@masdelarivoire.com<\/a><\/li>\n<li>24.01 Activation de l\u2019\u00e9nergie vital, Cacao sacr\u00e9 <a href=\"mailto:info@masdelarivoire.com\">info@masdelarivoire.com<\/a><\/li>\n<\/ul>\n<p><strong>Februar<\/strong><\/p>\n<ul>\n<li>14.02 \u2013 20.02 Stage Je\u00fbne, Yoga &amp; Naturopathie avec Ruimin <a href=\"http:\/\/www.instagram.com\/zhangruimin.fr\">www.instagram.com\/zhangruimin.fr<\/a><\/li>\n<li>28.02\/01.03 M\u00e9decine Chinoise avec Dr. \u00c9dithe Aussedat <a href=\"tel:06 21 89 28 69\">06 21 89 28 69<\/a><\/li>\n<\/ul>\n<p><strong>M\u00e4rz<\/strong><\/p>\n<ul>\n<li>06.03 \u2013 09.03 Stage Homme Leader avec Yann D\u00e9forel <a href=\"http:\/\/www.hommeleader.com\">www.hommeleader.com<\/a><\/li>\n<li>14.03 \u2013 21.03 Je\u00fbne &amp; Bien-\u00eatre <a href=\"http:\/\/www.jeune-bienetre.fr\/nimes\">www.jeune-bienetre.fr\/nimes<\/a><\/li>\n<li>21.03 \u2013 28.03 Je\u00fbne &amp; Bien-\u00eatre <a href=\"http:\/\/www.jeune-bienetre.fr\/nimes\">www.jeune-bienetre.fr\/nimes<\/a><\/li>\n<li>29.03 \u2013 04.04 Stage Je\u00fbne, Yoga &amp; Naturopathie avec Ruimin <a href=\"http:\/\/www.instagram.com\/zhangruimin.fr\">www.instagram.com\/zhangruimin.fr<\/a><\/li>\n<\/ul>\n<p><strong>April<\/strong><\/p>\n<ul>\n<li>04.04 \u2013 11.04 Je\u00fbne &amp; Bien-\u00eatre <a href=\"http:\/\/www.jeune-bienetre.fr\/nimes\">www.jeune-bienetre.fr\/nimes<\/a><\/li>\n<li>18.04 \u2013 25.04. Je\u00fbne &amp; Bien-\u00eatre <a href=\"http:\/\/www.jeune-bienetre.fr\/nimes\">www.jeune-bienetre.fr\/nimes<\/a><\/li>\n<li>25.04 \u2013 02.05 Je\u00fbne &amp; Bien-\u00eatre <a href=\"http:\/\/www.jeune-bienetre.fr\/nimes\">www.jeune-bienetre.fr\/nimes<\/a><\/li>\n<\/ul>\n<p><strong>Mai<\/strong><\/p>\n<ul>\n<li>05.05 \u2013 07.05 Seminaire Business<\/li>\n<li>10.05 \u2013 16.05 Stage Je\u00fbne, Yoga &amp; Naturopathie avec Ruimin <a href=\"http:\/\/www.instagram.com\/zhangruimin.fr\">www.instagram.com\/zhangruimin.fr<\/a><\/li>\n<li>16.05 \u2013 23.05 Je\u00fbne &amp; Bien-\u00eatre <a href=\"http:\/\/www.jeune-bienetre.fr\/nimes\">www.jeune-bienetre.fr\/nimes<\/a><\/li>\n<li>29.05 \u2013 05.06 Velogruppe Ch\u00fcmi Zug<\/li>\n<\/ul>\n<p><strong>Juni<\/strong><\/p>\n<ul>\n<li>05.06 \u2013 08.06 Evenement priv\u00e9<\/li>\n<li>09.06 \u2013 14.06 \u201cHer Pages in Provence\u201d Writing Retreat &#8211;<a href=\"mailto:info@onceuponascript.com\"> info@onceuponascript.com<\/a><\/li>\n<li>19.06 \u2013 21.06 Evenement priv\u00e9<\/li>\n<li>21.06 \u2013 28.06 Stage Yoga \u201cSaveur &amp; S\u00e9r\u00e9nit\u00e9\u201d avec L\u00e9a &amp; Andrea <a href=\"https:\/\/wellnessmtl.com\/retraite-yoga-gastronomie-1\">wellnessmtl.com\/retraite-yoga-gastronomie-1<\/a><\/li>\n<\/ul>\n<p><strong>Juli<\/strong><\/p>\n<ul>\n<li>01.07 \u2013 03.07 Seminaire Business<\/li>\n<li>04.07 \u2013 11.07 The pleasure Pilgrimage Retreat with Kylie &amp; Cilla <a href=\"mailto:devidevotion@gmail.com\">devidevotion@gmail.com<\/a><\/li>\n<li><strong>11.07 \u2013 23.08 Summer Holidays at Mas de la Rivoire &#8211; Comme and rent one of your beautiful G\u00eetes<\/strong><\/li>\n<\/ul>\n<p><strong>August<\/strong><\/p>\n<ul>\n<li>23.08 \u2013 27.08 Ground and Lead; Ankommen. Loslassen. F\u00fchrung neu (er)leben. Mit Romy &amp; Pferde; <a href=\"https:\/\/leadandconnect.wixsite.com\/meinewebsite\">leadandconnect.wixsite.com\/meinewebsite<\/a><\/li>\n<\/ul>\n<p><strong>September<\/strong><\/p>\n<ul>\n<li>02.09 \u2013 05.09 Velogruppe Hans Suisse<\/li>\n<li>05.09 \u2013 12.09 Velogruppe Walter Suisse<\/li>\n<li>12.09 \u2013 19.09 Wandern in S\u00fcdfrankreich&#8230;&#8230;und mehr! Mit Harald; <a href=\"mailto:kontakt@hamel-wandert.de\">kontakt@hamel-wandert.de<\/a><\/li>\n<li>20.09 \u2013 26.09 Stage Je\u00fbne, Yoga &amp; Naturopathie avec Ruimin <a href=\"http:\/\/www.instagram.com\/zhangruimin.fr\">www.instagram.com\/zhangruimin.fr<\/a><\/li>\n<\/ul>\n<p><strong>Oktober<\/strong><\/p>\n<ul>\n<li>10.10 \u2013 17.10 Je\u00fbne &amp; Bien-\u00eatre <a href=\"http:\/\/www.jeune-bienetre.fr\/nimes\">www.jeune-bienetre.fr\/nimes<\/a><br \/>17.10 \u2013 24.10 Je\u00fbne &amp; Bien-\u00eatre <a href=\"http:\/\/www.jeune-bienetre.fr\/nimes\">www.jeune-bienetre.fr\/nimes<\/a><\/li>\n<\/ul>\n<p><strong>November<\/strong><\/p>\n<ul>\n<li style=\"list-style-type: none;\">\n<ul>\n<li>01.11 \u2013 07.11 Stage Je\u00fbne, Yoga &amp; Naturopathie avec Ruimin <a href=\"http:\/\/www.instagram.com\/zhangruimin.fr\">www.instagram.com\/zhangruimin.fr<\/a><\/li>\n<li>07.11 \u2013 14.11 Je\u00fbne &amp; Bien-\u00eatre <a href=\"http:\/\/www.jeune-bienetre.fr\/nimes\">www.jeune-bienetre.fr\/nimes<\/a><\/li>\n<li>23.11 \u2013 24.11 M\u00e9decin Chinoise avec Dr. \u00c9dithe Aussedat <a href=\"tel:06 21 89 28 69\">06 21 89 28 69<\/a><\/li>\n<\/ul>\n<\/li>\n<\/ul>\n<p><strong>N&#8217;h\u00e9sitez pas \u00e0\u00a0<a href=\"..\/..\/contact-gite-chambre-hote-sommieres-sud-france\/\">nous contacter<\/a>\u00a0pour toute question ou renseignement compl\u00e9mentaire concernant les semaines ou vos \u00e9v\u00e9nements personnels.<\/strong><\/p>\n<p>[\/et_pb_text][\/et_pb_column][\/et_pb_row][\/et_pb_section]<\/p>\n","protected":false},"excerpt":{"rendered":"<p>Kalender 2026 Von Mas de la Rivoire &nbsp; \u00a0 &nbsp; &nbsp; Januar 11.1. Cr\u00e9ation de ton Visionboard, Cacao sacr\u00e9 avec Fabienne &amp; C\u00e9cile info@masdelarivoire.com 17\/18.01 M\u00e9decine Chinoise avec Dr. \u00c9dithe Aussedat 06 21 89 28 69 17.01 Activation de l\u2019\u00e9nergie vital, Osho Dynamics info@masdelarivoire.com 24.01 Activation de l\u2019\u00e9nergie vital, Cacao sacr\u00e9 info@masdelarivoire.com Februar 14.02 \u2013 [&hellip;]<\/p>\n","protected":false},"author":1,"featured_media":0,"parent":0,"menu_order":0,"comment_status":"closed","ping_status":"closed","template":"","meta":{"_et_pb_use_builder":"on","_et_pb_old_content":"","_et_gb_content_width":"","_exactmetrics_skip_tracking":false,"_exactmetrics_sitenote_active":false,"_exactmetrics_sitenote_note":"","_exactmetrics_sitenote_category":0,"footnotes":""},"class_list":["post-2478","page","type-page","status-publish","hentry"],"yoast_head":"<!-- This site is optimized with the Yoast SEO plugin v27.4 - https:\/\/yoast.com\/product\/yoast-seo-wordpress\/ -->\n<title>G\u00e4stezimmer in S\u00fcdfrankreich-Events-Mas de la Rivoire<\/title>\n<meta name=\"description\" content=\"Veranstaltungen im Mas de la Rivoire, G\u00e4stezimmer in S\u00fcdfrankreich bei Sommi\u00e8res (Gard)\" \/>\n<meta name=\"robots\" content=\"index, follow, max-snippet:-1, max-image-preview:large, max-video-preview:-1\" \/>\n<link rel=\"canonical\" href=\"https:\/\/www.masdelarivoire.fr\/de\/vorschau-im-mas-de-la-rivoire-gaestezimmer-sued-frankreich\/\" \/>\n<meta property=\"og:locale\" content=\"de_DE\" \/>\n<meta property=\"og:type\" content=\"article\" \/>\n<meta property=\"og:title\" content=\"G\u00e4stezimmer in S\u00fcdfrankreich-Events-Mas de la Rivoire\" \/>\n<meta property=\"og:description\" content=\"Veranstaltungen im Mas de la Rivoire, G\u00e4stezimmer in S\u00fcdfrankreich bei Sommi\u00e8res (Gard)\" \/>\n<meta property=\"og:url\" content=\"https:\/\/www.masdelarivoire.fr\/de\/vorschau-im-mas-de-la-rivoire-gaestezimmer-sued-frankreich\/\" \/>\n<meta property=\"og:site_name\" content=\"Mas de la Rivoire\" \/>\n<meta property=\"article:modified_time\" content=\"2025-12-30T15:49:43+00:00\" \/>\n<meta name=\"twitter:card\" content=\"summary_large_image\" \/>\n<meta name=\"twitter:label1\" content=\"Gesch\u00e4tzte Lesezeit\" \/>\n\t<meta name=\"twitter:data1\" content=\"2\u00a0Minuten\" \/>\n<script type=\"application\/ld+json\" class=\"yoast-schema-graph\">{\"@context\":\"https:\\\/\\\/schema.org\",\"@graph\":[{\"@type\":\"WebPage\",\"@id\":\"https:\\\/\\\/www.masdelarivoire.fr\\\/de\\\/vorschau-im-mas-de-la-rivoire-gaestezimmer-sued-frankreich\\\/\",\"url\":\"https:\\\/\\\/www.masdelarivoire.fr\\\/de\\\/vorschau-im-mas-de-la-rivoire-gaestezimmer-sued-frankreich\\\/\",\"name\":\"G\u00e4stezimmer in S\u00fcdfrankreich-Events-Mas de la Rivoire\",\"isPartOf\":{\"@id\":\"https:\\\/\\\/www.masdelarivoire.fr\\\/#website\"},\"datePublished\":\"2019-03-25T16:06:55+00:00\",\"dateModified\":\"2025-12-30T15:49:43+00:00\",\"description\":\"Veranstaltungen im Mas de la Rivoire, G\u00e4stezimmer in S\u00fcdfrankreich bei Sommi\u00e8res (Gard)\",\"breadcrumb\":{\"@id\":\"https:\\\/\\\/www.masdelarivoire.fr\\\/de\\\/vorschau-im-mas-de-la-rivoire-gaestezimmer-sued-frankreich\\\/#breadcrumb\"},\"inLanguage\":\"de\",\"potentialAction\":[{\"@type\":\"ReadAction\",\"target\":[\"https:\\\/\\\/www.masdelarivoire.fr\\\/de\\\/vorschau-im-mas-de-la-rivoire-gaestezimmer-sued-frankreich\\\/\"]}]},{\"@type\":\"BreadcrumbList\",\"@id\":\"https:\\\/\\\/www.masdelarivoire.fr\\\/de\\\/vorschau-im-mas-de-la-rivoire-gaestezimmer-sued-frankreich\\\/#breadcrumb\",\"itemListElement\":[{\"@type\":\"ListItem\",\"position\":1,\"name\":\"Accueil\",\"item\":\"https:\\\/\\\/www.masdelarivoire.fr\\\/de\\\/\"},{\"@type\":\"ListItem\",\"position\":2,\"name\":\"Kalender\"}]},{\"@type\":\"WebSite\",\"@id\":\"https:\\\/\\\/www.masdelarivoire.fr\\\/#website\",\"url\":\"https:\\\/\\\/www.masdelarivoire.fr\\\/\",\"name\":\"Mas de la Rivoire\",\"description\":\"G\u00eetes et Chambres d&#039;H\u00f4tes \u00e0 proximit\u00e9 de Sommi\u00e8res - Gard - Sud de la France\",\"potentialAction\":[{\"@type\":\"SearchAction\",\"target\":{\"@type\":\"EntryPoint\",\"urlTemplate\":\"https:\\\/\\\/www.masdelarivoire.fr\\\/?s={search_term_string}\"},\"query-input\":{\"@type\":\"PropertyValueSpecification\",\"valueRequired\":true,\"valueName\":\"search_term_string\"}}],\"inLanguage\":\"de\"}]}<\/script>\n<!-- \/ Yoast SEO plugin. -->","yoast_head_json":{"title":"G\u00e4stezimmer in S\u00fcdfrankreich-Events-Mas de la Rivoire","description":"Veranstaltungen im Mas de la Rivoire, G\u00e4stezimmer in S\u00fcdfrankreich bei Sommi\u00e8res (Gard)","robots":{"index":"index","follow":"follow","max-snippet":"max-snippet:-1","max-image-preview":"max-image-preview:large","max-video-preview":"max-video-preview:-1"},"canonical":"https:\/\/www.masdelarivoire.fr\/de\/vorschau-im-mas-de-la-rivoire-gaestezimmer-sued-frankreich\/","og_locale":"de_DE","og_type":"article","og_title":"G\u00e4stezimmer in S\u00fcdfrankreich-Events-Mas de la Rivoire","og_description":"Veranstaltungen im Mas de la Rivoire, G\u00e4stezimmer in S\u00fcdfrankreich bei Sommi\u00e8res (Gard)","og_url":"https:\/\/www.masdelarivoire.fr\/de\/vorschau-im-mas-de-la-rivoire-gaestezimmer-sued-frankreich\/","og_site_name":"Mas de la Rivoire","article_modified_time":"2025-12-30T15:49:43+00:00","twitter_card":"summary_large_image","twitter_misc":{"Gesch\u00e4tzte Lesezeit":"2\u00a0Minuten"},"schema":{"@context":"https:\/\/schema.org","@graph":[{"@type":"WebPage","@id":"https:\/\/www.masdelarivoire.fr\/de\/vorschau-im-mas-de-la-rivoire-gaestezimmer-sued-frankreich\/","url":"https:\/\/www.masdelarivoire.fr\/de\/vorschau-im-mas-de-la-rivoire-gaestezimmer-sued-frankreich\/","name":"G\u00e4stezimmer in S\u00fcdfrankreich-Events-Mas de la Rivoire","isPartOf":{"@id":"https:\/\/www.masdelarivoire.fr\/#website"},"datePublished":"2019-03-25T16:06:55+00:00","dateModified":"2025-12-30T15:49:43+00:00","description":"Veranstaltungen im Mas de la Rivoire, G\u00e4stezimmer in S\u00fcdfrankreich bei Sommi\u00e8res (Gard)","breadcrumb":{"@id":"https:\/\/www.masdelarivoire.fr\/de\/vorschau-im-mas-de-la-rivoire-gaestezimmer-sued-frankreich\/#breadcrumb"},"inLanguage":"de","potentialAction":[{"@type":"ReadAction","target":["https:\/\/www.masdelarivoire.fr\/de\/vorschau-im-mas-de-la-rivoire-gaestezimmer-sued-frankreich\/"]}]},{"@type":"BreadcrumbList","@id":"https:\/\/www.masdelarivoire.fr\/de\/vorschau-im-mas-de-la-rivoire-gaestezimmer-sued-frankreich\/#breadcrumb","itemListElement":[{"@type":"ListItem","position":1,"name":"Accueil","item":"https:\/\/www.masdelarivoire.fr\/de\/"},{"@type":"ListItem","position":2,"name":"Kalender"}]},{"@type":"WebSite","@id":"https:\/\/www.masdelarivoire.fr\/#website","url":"https:\/\/www.masdelarivoire.fr\/","name":"Mas de la Rivoire","description":"G\u00eetes et Chambres d&#039;H\u00f4tes \u00e0 proximit\u00e9 de Sommi\u00e8res - Gard - Sud de la France","potentialAction":[{"@type":"SearchAction","target":{"@type":"EntryPoint","urlTemplate":"https:\/\/www.masdelarivoire.fr\/?s={search_term_string}"},"query-input":{"@type":"PropertyValueSpecification","valueRequired":true,"valueName":"search_term_string"}}],"inLanguage":"de"}]}},"_links":{"self":[{"href":"https:\/\/www.masdelarivoire.fr\/de\/wp-json\/wp\/v2\/pages\/2478","targetHints":{"allow":["GET"]}}],"collection":[{"href":"https:\/\/www.masdelarivoire.fr\/de\/wp-json\/wp\/v2\/pages"}],"about":[{"href":"https:\/\/www.masdelarivoire.fr\/de\/wp-json\/wp\/v2\/types\/page"}],"author":[{"embeddable":true,"href":"https:\/\/www.masdelarivoire.fr\/de\/wp-json\/wp\/v2\/users\/1"}],"replies":[{"embeddable":true,"href":"https:\/\/www.masdelarivoire.fr\/de\/wp-json\/wp\/v2\/comments?post=2478"}],"version-history":[{"count":24,"href":"https:\/\/www.masdelarivoire.fr\/de\/wp-json\/wp\/v2\/pages\/2478\/revisions"}],"predecessor-version":[{"id":3770,"href":"https:\/\/www.masdelarivoire.fr\/de\/wp-json\/wp\/v2\/pages\/2478\/revisions\/3770"}],"wp:attachment":[{"href":"https:\/\/www.masdelarivoire.fr\/de\/wp-json\/wp\/v2\/media?parent=2478"}],"curies":[{"name":"wp","href":"https:\/\/api.w.org\/{rel}","templated":true}]}}