{"id":1169,"date":"2016-12-20T16:46:37","date_gmt":"2016-12-20T15:46:37","guid":{"rendered":"http:\/\/www.masdelarivoire.fr\/?page_id=1169"},"modified":"2017-07-03T11:23:46","modified_gmt":"2017-07-03T10:23:46","slug":"gastezimmer-charmant-romantisch-entspannen-suden-frankreich","status":"publish","type":"page","link":"https:\/\/www.masdelarivoire.fr\/de\/gastezimmer-charmant-romantisch-entspannen-suden-frankreich\/","title":{"rendered":"G\u00e4stezimmer"},"content":{"rendered":"<p>[et_pb_section admin_label=&#8220;Section&#8220; fullwidth=&#8220;on&#8220; specialty=&#8220;off&#8220;][et_pb_fullwidth_header admin_label=&#8220;En-t\u00eate plein \u00e9cran&#8220; title=&#8220;F\u00fcnf G\u00e4stezimmer: Charmant und romantisch zum Entspannen.&#8220; background_layout=&#8220;dark&#8220; text_orientation=&#8220;left&#8220; header_fullscreen=&#8220;off&#8220; header_scroll_down=&#8220;off&#8220; background_url=&#8220;https:\/\/www.masdelarivoire.fr\/wp-content\/uploads\/2016\/01\/img_header_chambre_hote.jpg&#8220; parallax=&#8220;off&#8220; parallax_method=&#8220;off&#8220; content_orientation=&#8220;center&#8220; image_orientation=&#8220;center&#8220; custom_button_one=&#8220;off&#8220; button_one_letter_spacing=&#8220;0&#8243; button_one_use_icon=&#8220;default&#8220; button_one_icon_placement=&#8220;right&#8220; button_one_on_hover=&#8220;on&#8220; button_one_letter_spacing_hover=&#8220;0&#8243; custom_button_two=&#8220;off&#8220; button_two_letter_spacing=&#8220;0&#8243; button_two_use_icon=&#8220;default&#8220; button_two_icon_placement=&#8220;right&#8220; button_two_on_hover=&#8220;on&#8220; button_two_letter_spacing_hover=&#8220;0&#8243; module_class=&#8220;ILD_header_page&#8220;]<\/p>\n<p>[\/et_pb_fullwidth_header][\/et_pb_section][et_pb_section admin_label=&#8220;Section&#8220; fullwidth=&#8220;off&#8220; specialty=&#8220;off&#8220;][et_pb_row admin_label=&#8220;Ligne&#8220;][et_pb_column type=&#8220;4_4&#8243;][et_pb_text admin_label=&#8220;Texte&#8220; background_layout=&#8220;light&#8220; text_orientation=&#8220;left&#8220; use_border_color=&#8220;off&#8220; border_color=&#8220;#ffffff&#8220; border_style=&#8220;solid&#8220;]<\/p>\n<h2>F\u00fcnf authentische G\u00e4stezimmer, elegant eingerichtet<\/h2>\n<p>Grossz\u00fcgig und komfortable sind unsere Doppelzimmer. Die mit viel Liebe zum Detail restaurierten Zimmer, verf\u00fcgen \u00fcber einen modernen Innenausbau mit traditionellen Materialien und edlem Design.<br \/>\nEin gelungener Mix zwischen Alt und Neu, kombiniert mit einer raffinierten Dekoration. Die \u00fcberhohen R\u00e4ume mit massiven Holzbalken und rustikalen Steinmauern verleihen jedem Zimmer ein wunderbares, sehr grossz\u00fcgiges Ambiente.<\/p>\n<p>Sei es bei einem Aufenthalt in einem der ehemaligen \u201eLes Vendanges\u201c (Weinlese-Zimmern) oder in der historischen \u201eLa Petite Chapelle\u201c aus dem 14. Jahrhundert, jedes unserer Zimmer hat seinen ganz besonderen Charme und macht so Ihren Aufenthalt zu einem unvergesslichen Erlebnis.<br \/>\nS\u00e4mtliche Einheiten verf\u00fcgen \u00fcber komfortable Doppelbetten (160 x 200 cm), ger\u00e4umige Badezimmer mit begehbaren Duschen und sep. WC sowie einer TV-Lounge. Zwei unserer Doppelzimmer verf\u00fcgen \u00fcber private Sitzpl\u00e4tze.<\/p>\n<p>[\/et_pb_text][\/et_pb_column][\/et_pb_row][et_pb_row admin_label=&#8220;Ligne&#8220; make_fullwidth=&#8220;off&#8220; use_custom_width=&#8220;off&#8220; width_unit=&#8220;on&#8220; use_custom_gutter=&#8220;off&#8220; padding_mobile=&#8220;off&#8220; allow_player_pause=&#8220;off&#8220; parallax=&#8220;off&#8220; parallax_method=&#8220;off&#8220; make_equal=&#8220;off&#8220; parallax_1=&#8220;off&#8220; parallax_method_1=&#8220;off&#8220; parallax_2=&#8220;off&#8220; parallax_method_2=&#8220;off&#8220; parallax_3=&#8220;off&#8220; parallax_method_3=&#8220;off&#8220; column_padding_mobile=&#8220;on&#8220; module_class_1=&#8220;bordure_box_marron_clair&#8220; module_class_2=&#8220;bordure_box_marron_clair&#8220; module_class_3=&#8220;bordure_box_marron_clair&#8220;][et_pb_column type=&#8220;1_3&#8243;][et_pb_text admin_label=&#8220;Mirabelle&#8220; background_layout=&#8220;light&#8220; text_orientation=&#8220;center&#8220; use_border_color=&#8220;off&#8220; border_color=&#8220;#ffffff&#8220; border_style=&#8220;solid&#8220;]<\/p>\n<h3 style=\"text-align: center;\">La Mirabelle<\/h3>\n<p>[\/et_pb_text][et_pb_image admin_label=&#8220;Image&#8220; src=&#8220;https:\/\/www.masdelarivoire.fr\/wp-content\/uploads\/2016\/01\/img_deco_tarif_chambre_mirabelle.jpg&#8220; alt=&#8220;Chambre d&#8217;h\u00f4tes Mirabelle&#8220; show_in_lightbox=&#8220;off&#8220; url=&#8220;https:\/\/www.masdelarivoire.fr\/gastezimmer-mirabelle\/?lang=de&#8220; url_new_window=&#8220;off&#8220; use_overlay=&#8220;off&#8220; animation=&#8220;fade_in&#8220; sticky=&#8220;off&#8220; align=&#8220;center&#8220; force_fullwidth=&#8220;off&#8220; always_center_on_mobile=&#8220;on&#8220; use_border_color=&#8220;off&#8220; border_color=&#8220;#ffffff&#8220; border_style=&#8220;solid&#8220;]<\/p>\n<p>[\/et_pb_image][et_pb_text admin_label=&#8220;Texte&#8220; background_layout=&#8220;light&#8220; text_orientation=&#8220;center&#8220; use_border_color=&#8220;off&#8220; border_color=&#8220;#ffffff&#8220; border_style=&#8220;solid&#8220;]<\/p>\n<p><a class=\"et_pb_more_button et_pb_button et_pb_button_one\" title=\"En savoir plus sur notre chambre d'h\u00f4tes La Mirabelle\" href=\"https:\/\/www.masdelarivoire.fr\/gastezimmer-mirabelle\/?lang=de\">Mehr Infos<\/a><\/p>\n<p>[\/et_pb_text][\/et_pb_column][et_pb_column type=&#8220;1_3&#8243;][et_pb_text admin_label=&#8220;Cerise&#8220; background_layout=&#8220;light&#8220; text_orientation=&#8220;center&#8220; use_border_color=&#8220;off&#8220; border_color=&#8220;#ffffff&#8220; border_style=&#8220;solid&#8220;]<\/p>\n<h3 style=\"text-align: center;\">La Cerise<\/h3>\n<p>[\/et_pb_text][et_pb_image admin_label=&#8220;Image&#8220; src=&#8220;https:\/\/www.masdelarivoire.fr\/wp-content\/uploads\/2017\/01\/img_deco_tarif_chambre_cerise.jpg&#8220; alt=&#8220;Chambre d&#8217;h\u00f4tes Cerise : murs en pierres et poutres apparentes&#8220; show_in_lightbox=&#8220;off&#8220; url=&#8220;https:\/\/www.masdelarivoire.fr\/gastezimmer-cerise\/?lang=de&#8220; url_new_window=&#8220;off&#8220; use_overlay=&#8220;off&#8220; animation=&#8220;fade_in&#8220; sticky=&#8220;off&#8220; align=&#8220;center&#8220; force_fullwidth=&#8220;off&#8220; always_center_on_mobile=&#8220;on&#8220; use_border_color=&#8220;off&#8220; border_color=&#8220;#ffffff&#8220; border_style=&#8220;solid&#8220;]<\/p>\n<p>[\/et_pb_image][et_pb_text admin_label=&#8220;Texte&#8220; background_layout=&#8220;light&#8220; text_orientation=&#8220;center&#8220; use_border_color=&#8220;off&#8220; border_color=&#8220;#ffffff&#8220; border_style=&#8220;solid&#8220;]<\/p>\n<p><a class=\"et_pb_more_button et_pb_button et_pb_button_one\" title=\"En savoir plus sur notre chambre d'h\u00f4tes La Cerise\" href=\"https:\/\/www.masdelarivoire.fr\/gastezimmer-cerise\/?lang=de\">Mehr Infos<\/a><\/p>\n<p>[\/et_pb_text][\/et_pb_column][et_pb_column type=&#8220;1_3&#8243;][et_pb_text admin_label=&#8220;Menthe&#8220; background_layout=&#8220;light&#8220; text_orientation=&#8220;center&#8220; use_border_color=&#8220;off&#8220; border_color=&#8220;#ffffff&#8220; border_style=&#8220;solid&#8220;]<\/p>\n<h3 style=\"text-align: center;\">La Menthe<\/h3>\n<p>[\/et_pb_text][et_pb_image admin_label=&#8220;Image&#8220; src=&#8220;https:\/\/www.masdelarivoire.fr\/wp-content\/uploads\/2016\/01\/img_deco_tarif_chambre_menthe.jpg&#8220; alt=&#8220;Chambre d&#8217;h\u00f4tes la Menthe&#8220; show_in_lightbox=&#8220;off&#8220; url=&#8220;https:\/\/www.masdelarivoire.fr\/gastezimmer-menthe\/?lang=de&#8220; url_new_window=&#8220;off&#8220; use_overlay=&#8220;off&#8220; animation=&#8220;fade_in&#8220; sticky=&#8220;off&#8220; align=&#8220;center&#8220; force_fullwidth=&#8220;off&#8220; always_center_on_mobile=&#8220;on&#8220; use_border_color=&#8220;off&#8220; border_color=&#8220;#ffffff&#8220; border_style=&#8220;solid&#8220;]<\/p>\n<p>[\/et_pb_image][et_pb_text admin_label=&#8220;Texte&#8220; background_layout=&#8220;light&#8220; text_orientation=&#8220;center&#8220; use_border_color=&#8220;off&#8220; border_color=&#8220;#ffffff&#8220; border_style=&#8220;solid&#8220;]<\/p>\n<p><a class=\"et_pb_more_button et_pb_button et_pb_button_one\" title=\"En savoir plus sur notre chambre d'h\u00f4tes La Menthe\" href=\"https:\/\/www.masdelarivoire.fr\/gastezimmer-menthe\/?lang=de\">Mehr Infos<\/a><\/p>\n<p>[\/et_pb_text][\/et_pb_column][\/et_pb_row][et_pb_row admin_label=&#8220;Ligne&#8220; make_fullwidth=&#8220;off&#8220; use_custom_width=&#8220;off&#8220; width_unit=&#8220;on&#8220; use_custom_gutter=&#8220;off&#8220; padding_mobile=&#8220;off&#8220; allow_player_pause=&#8220;off&#8220; parallax=&#8220;off&#8220; parallax_method=&#8220;off&#8220; make_equal=&#8220;off&#8220; parallax_1=&#8220;off&#8220; parallax_method_1=&#8220;off&#8220; parallax_2=&#8220;off&#8220; parallax_method_2=&#8220;off&#8220; parallax_3=&#8220;off&#8220; parallax_method_3=&#8220;off&#8220; column_padding_mobile=&#8220;on&#8220; module_class_1=&#8220;bordure_box_marron_clair&#8220; module_class_2=&#8220;bordure_box_marron_clair&#8220;][et_pb_column type=&#8220;1_3&#8243;][et_pb_text admin_label=&#8220;Vendange&#8220; background_layout=&#8220;light&#8220; text_orientation=&#8220;center&#8220; use_border_color=&#8220;off&#8220; border_color=&#8220;#ffffff&#8220; border_style=&#8220;solid&#8220;]<\/p>\n<h3 style=\"text-align: center;\">La Vendange<\/h3>\n<p>[\/et_pb_text][et_pb_image admin_label=&#8220;Image&#8220; src=&#8220;https:\/\/www.masdelarivoire.fr\/wp-content\/uploads\/2016\/01\/img_deco_tarif_chambre_vendange.jpg&#8220; alt=&#8220;Chambre d&#8217;h\u00f4tes Vendage&#8220; show_in_lightbox=&#8220;off&#8220; url=&#8220;https:\/\/www.masdelarivoire.fr\/gastezimmer-vendange\/?lang=de&#8220; url_new_window=&#8220;off&#8220; use_overlay=&#8220;off&#8220; animation=&#8220;fade_in&#8220; sticky=&#8220;off&#8220; align=&#8220;center&#8220; force_fullwidth=&#8220;off&#8220; always_center_on_mobile=&#8220;on&#8220; use_border_color=&#8220;off&#8220; border_color=&#8220;#ffffff&#8220; border_style=&#8220;solid&#8220;]<\/p>\n<p>[\/et_pb_image][et_pb_text admin_label=&#8220;Texte&#8220; background_layout=&#8220;light&#8220; text_orientation=&#8220;center&#8220; use_border_color=&#8220;off&#8220; border_color=&#8220;#ffffff&#8220; border_style=&#8220;solid&#8220;]<\/p>\n<p><a class=\"et_pb_more_button et_pb_button et_pb_button_one\" title=\"En savoir plus sur notre chambre d'h\u00f4tes La Vendange\" href=\"https:\/\/www.masdelarivoire.fr\/gastezimmer-vendange\/?lang=de\">Mehr Infos<\/a><\/p>\n<p>[\/et_pb_text][\/et_pb_column][et_pb_column type=&#8220;1_3&#8243;][et_pb_text admin_label=&#8220;petite chapelle&#8220; background_layout=&#8220;light&#8220; text_orientation=&#8220;center&#8220; use_border_color=&#8220;off&#8220; border_color=&#8220;#ffffff&#8220; border_style=&#8220;solid&#8220;]<\/p>\n<h3 style=\"text-align: center;\">La petite Chapelle<\/h3>\n<p>[\/et_pb_text][et_pb_image admin_label=&#8220;Image&#8220; src=&#8220;https:\/\/www.masdelarivoire.fr\/wp-content\/uploads\/2016\/01\/img_tarif_chambre_chapelle.jpg&#8220; alt=&#8220;Chambre d&#8217;h\u00f4tes la petite chapelle&#8220; show_in_lightbox=&#8220;off&#8220; url=&#8220;https:\/\/www.masdelarivoire.fr\/gastezimmer-petite-chapelle\/?lang=de&#8220; url_new_window=&#8220;off&#8220; use_overlay=&#8220;off&#8220; animation=&#8220;fade_in&#8220; sticky=&#8220;off&#8220; align=&#8220;center&#8220; force_fullwidth=&#8220;off&#8220; always_center_on_mobile=&#8220;on&#8220; use_border_color=&#8220;off&#8220; border_color=&#8220;#ffffff&#8220; border_style=&#8220;solid&#8220;]<\/p>\n<p>[\/et_pb_image][et_pb_text admin_label=&#8220;Texte&#8220; background_layout=&#8220;light&#8220; text_orientation=&#8220;center&#8220; use_border_color=&#8220;off&#8220; border_color=&#8220;#ffffff&#8220; border_style=&#8220;solid&#8220;]<\/p>\n<p><a class=\"et_pb_more_button et_pb_button et_pb_button_one\" title=\"En savoir plus sur notre chambre d'h\u00f4tes La petite Chapelle\" href=\"https:\/\/www.masdelarivoire.fr\/gastezimmer-petite-chapelle\/?lang=de\">Mehr Infos<\/a><\/p>\n<p>[\/et_pb_text][\/et_pb_column][et_pb_column type=&#8220;1_3&#8243;][\/et_pb_column][\/et_pb_row][et_pb_row admin_label=&#8220;Ligne&#8220;][et_pb_column type=&#8220;4_4&#8243;][et_pb_text admin_label=&#8220;Texte&#8220; background_layout=&#8220;light&#8220; text_orientation=&#8220;left&#8220; use_border_color=&#8220;off&#8220; border_color=&#8220;#ffffff&#8220; border_style=&#8220;solid&#8220;]<\/p>\n<h2>Ein komfortablen Aufenthalt in S\u00fcdfrankreich<\/h2>\n<p>Als gemeinschaftlicher Aufenthaltsraum dient die imposante \u201eLa Vo\u00fbte\u201c, ein grosser Gew\u00f6lbekeller mit einem pr\u00e4chtigen Chemin\u00e9e. Dort stehen Ihnen Mikrowelle, Teekocher, Wein-K\u00fchlschrank und Kaffeemaschine zur Verf\u00fcgung.<\/p>\n<p>Das Wifi ist kostenlos und in unserem lauschigen Innenhof vorhanden.<\/p>\n<p>Weiter stehen unseren G\u00e4sten ein Fitnessraum, grossz\u00fcgige Parkpl\u00e4tze sowie ein privates Eichenwaldgrundst\u00fcck zur Verf\u00fcgung. Ein herrliches Schwimmbecken aus Stein, eingebettet in eine mediterrane und kinderfreundliche Gartenanlage, l\u00e4dt zum Verweilen ein. Diverse Spielm\u00f6glichkeiten f\u00fcr Jung und Alt wie Tischtennis, Petanque, Federball, Fussball und Volleyball runden unser Angebot ab.<\/p>\n<p>Weitere Informationen \u00fcber die Aktivit\u00e4ten in und um die Region, besuchen Sie: Aktivit\u00e4ten.<\/p>\n<p>[\/et_pb_text][\/et_pb_column][\/et_pb_row][et_pb_row admin_label=&#8220;Ligne&#8220;][et_pb_column type=&#8220;4_4&#8243;][et_pb_text admin_label=&#8220;Texte&#8220; background_layout=&#8220;light&#8220; text_orientation=&#8220;left&#8220; use_border_color=&#8220;off&#8220; border_color=&#8220;#ffffff&#8220; border_style=&#8220;solid&#8220;]<\/p>\n<h2><img decoding=\"async\" class=\"alignleft ILD_icone_titre_contenu\" src=\"https:\/\/www.masdelarivoire.fr\/wp-content\/uploads\/2016\/02\/img_icone_photo_contenu.png\" alt=\"icone photographies des gites et chambre d'hotes du mas de la rivoire\" \/>Einige Bilder<\/h2>\n<p>[\/et_pb_text][\/et_pb_column][\/et_pb_row][et_pb_row admin_label=&#8220;Ligne&#8220;][et_pb_column type=&#8220;4_4&#8243;][et_pb_gallery admin_label=&#8220;Galerie&#8220; gallery_ids=&#8220;1405,1407,1409,1415,1417,1937,1931,1925,2226,2241,2244,2256&#8243; gallery_orderby=&#8220;rand&#8220; fullwidth=&#8220;off&#8220; show_title_and_caption=&#8220;on&#8220; show_pagination=&#8220;off&#8220; background_layout=&#8220;light&#8220; auto=&#8220;off&#8220; hover_overlay_color=&#8220;rgba(255,255,255,0.9)&#8220; caption_all_caps=&#8220;off&#8220; use_border_color=&#8220;off&#8220; border_color=&#8220;#ffffff&#8220; border_style=&#8220;solid&#8220; posts_number=&#8220;12&#8243;]<\/p>\n<p>[\/et_pb_gallery][\/et_pb_column][\/et_pb_row][\/et_pb_section]<\/p>\n","protected":false},"excerpt":{"rendered":"<p>F\u00fcnf authentische G\u00e4stezimmer, elegant eingerichtet Grossz\u00fcgig und komfortable sind unsere Doppelzimmer. Die mit viel Liebe zum Detail restaurierten Zimmer, verf\u00fcgen \u00fcber einen modernen Innenausbau mit traditionellen Materialien und edlem Design. Ein gelungener Mix zwischen Alt und Neu, kombiniert mit einer raffinierten Dekoration. Die \u00fcberhohen R\u00e4ume mit massiven Holzbalken und rustikalen Steinmauern verleihen jedem Zimmer ein [&hellip;]<\/p>\n","protected":false},"author":1,"featured_media":0,"parent":0,"menu_order":0,"comment_status":"closed","ping_status":"closed","template":"","meta":{"_et_pb_use_builder":"on","_et_pb_old_content":"","_et_gb_content_width":"","_exactmetrics_skip_tracking":false,"_exactmetrics_sitenote_active":false,"_exactmetrics_sitenote_note":"","_exactmetrics_sitenote_category":0,"footnotes":""},"class_list":["post-1169","page","type-page","status-publish","hentry"],"yoast_head":"<!-- This site is optimized with the Yoast SEO plugin v27.4 - https:\/\/yoast.com\/product\/yoast-seo-wordpress\/ -->\n<title>G\u00e4stezimmer - Mas de la Rivoire<\/title>\n<meta name=\"robots\" content=\"index, follow, max-snippet:-1, max-image-preview:large, max-video-preview:-1\" \/>\n<link rel=\"canonical\" href=\"https:\/\/www.masdelarivoire.fr\/de\/gastezimmer-charmant-romantisch-entspannen-suden-frankreich\/\" \/>\n<meta property=\"og:locale\" content=\"de_DE\" \/>\n<meta property=\"og:type\" content=\"article\" \/>\n<meta property=\"og:title\" content=\"G\u00e4stezimmer - Mas de la Rivoire\" \/>\n<meta property=\"og:description\" content=\"F\u00fcnf authentische G\u00e4stezimmer, elegant eingerichtet Grossz\u00fcgig und komfortable sind unsere Doppelzimmer. Die mit viel Liebe zum Detail restaurierten Zimmer, verf\u00fcgen \u00fcber einen modernen Innenausbau mit traditionellen Materialien und edlem Design. Ein gelungener Mix zwischen Alt und Neu, kombiniert mit einer raffinierten Dekoration. Die \u00fcberhohen R\u00e4ume mit massiven Holzbalken und rustikalen Steinmauern verleihen jedem Zimmer ein [&hellip;]\" \/>\n<meta property=\"og:url\" content=\"https:\/\/www.masdelarivoire.fr\/de\/gastezimmer-charmant-romantisch-entspannen-suden-frankreich\/\" \/>\n<meta property=\"og:site_name\" content=\"Mas de la Rivoire\" \/>\n<meta property=\"article:modified_time\" content=\"2017-07-03T10:23:46+00:00\" \/>\n<meta property=\"og:image\" content=\"https:\/\/www.masdelarivoire.fr\/wp-content\/uploads\/2016\/02\/img_icone_photo_contenu.png\" \/>\n<meta name=\"twitter:card\" content=\"summary_large_image\" \/>\n<meta name=\"twitter:label1\" content=\"Gesch\u00e4tzte Lesezeit\" \/>\n\t<meta name=\"twitter:data1\" content=\"7\u00a0Minuten\" \/>\n<script type=\"application\/ld+json\" class=\"yoast-schema-graph\">{\"@context\":\"https:\\\/\\\/schema.org\",\"@graph\":[{\"@type\":\"WebPage\",\"@id\":\"https:\\\/\\\/www.masdelarivoire.fr\\\/de\\\/gastezimmer-charmant-romantisch-entspannen-suden-frankreich\\\/\",\"url\":\"https:\\\/\\\/www.masdelarivoire.fr\\\/de\\\/gastezimmer-charmant-romantisch-entspannen-suden-frankreich\\\/\",\"name\":\"G\u00e4stezimmer - Mas de la Rivoire\",\"isPartOf\":{\"@id\":\"https:\\\/\\\/www.masdelarivoire.fr\\\/#website\"},\"primaryImageOfPage\":{\"@id\":\"https:\\\/\\\/www.masdelarivoire.fr\\\/de\\\/gastezimmer-charmant-romantisch-entspannen-suden-frankreich\\\/#primaryimage\"},\"image\":{\"@id\":\"https:\\\/\\\/www.masdelarivoire.fr\\\/de\\\/gastezimmer-charmant-romantisch-entspannen-suden-frankreich\\\/#primaryimage\"},\"thumbnailUrl\":\"https:\\\/\\\/www.masdelarivoire.fr\\\/wp-content\\\/uploads\\\/2016\\\/02\\\/img_icone_photo_contenu.png\",\"datePublished\":\"2016-12-20T15:46:37+00:00\",\"dateModified\":\"2017-07-03T10:23:46+00:00\",\"breadcrumb\":{\"@id\":\"https:\\\/\\\/www.masdelarivoire.fr\\\/de\\\/gastezimmer-charmant-romantisch-entspannen-suden-frankreich\\\/#breadcrumb\"},\"inLanguage\":\"de\",\"potentialAction\":[{\"@type\":\"ReadAction\",\"target\":[\"https:\\\/\\\/www.masdelarivoire.fr\\\/de\\\/gastezimmer-charmant-romantisch-entspannen-suden-frankreich\\\/\"]}]},{\"@type\":\"ImageObject\",\"inLanguage\":\"de\",\"@id\":\"https:\\\/\\\/www.masdelarivoire.fr\\\/de\\\/gastezimmer-charmant-romantisch-entspannen-suden-frankreich\\\/#primaryimage\",\"url\":\"https:\\\/\\\/www.masdelarivoire.fr\\\/wp-content\\\/uploads\\\/2016\\\/02\\\/img_icone_photo_contenu.png\",\"contentUrl\":\"https:\\\/\\\/www.masdelarivoire.fr\\\/wp-content\\\/uploads\\\/2016\\\/02\\\/img_icone_photo_contenu.png\"},{\"@type\":\"BreadcrumbList\",\"@id\":\"https:\\\/\\\/www.masdelarivoire.fr\\\/de\\\/gastezimmer-charmant-romantisch-entspannen-suden-frankreich\\\/#breadcrumb\",\"itemListElement\":[{\"@type\":\"ListItem\",\"position\":1,\"name\":\"Accueil\",\"item\":\"https:\\\/\\\/www.masdelarivoire.fr\\\/de\\\/\"},{\"@type\":\"ListItem\",\"position\":2,\"name\":\"G\u00e4stezimmer\"}]},{\"@type\":\"WebSite\",\"@id\":\"https:\\\/\\\/www.masdelarivoire.fr\\\/#website\",\"url\":\"https:\\\/\\\/www.masdelarivoire.fr\\\/\",\"name\":\"Mas de la Rivoire\",\"description\":\"G\u00eetes et Chambres d&#039;H\u00f4tes \u00e0 proximit\u00e9 de Sommi\u00e8res - Gard - Sud de la France\",\"potentialAction\":[{\"@type\":\"SearchAction\",\"target\":{\"@type\":\"EntryPoint\",\"urlTemplate\":\"https:\\\/\\\/www.masdelarivoire.fr\\\/?s={search_term_string}\"},\"query-input\":{\"@type\":\"PropertyValueSpecification\",\"valueRequired\":true,\"valueName\":\"search_term_string\"}}],\"inLanguage\":\"de\"}]}<\/script>\n<!-- \/ Yoast SEO plugin. -->","yoast_head_json":{"title":"G\u00e4stezimmer - Mas de la Rivoire","robots":{"index":"index","follow":"follow","max-snippet":"max-snippet:-1","max-image-preview":"max-image-preview:large","max-video-preview":"max-video-preview:-1"},"canonical":"https:\/\/www.masdelarivoire.fr\/de\/gastezimmer-charmant-romantisch-entspannen-suden-frankreich\/","og_locale":"de_DE","og_type":"article","og_title":"G\u00e4stezimmer - Mas de la Rivoire","og_description":"F\u00fcnf authentische G\u00e4stezimmer, elegant eingerichtet Grossz\u00fcgig und komfortable sind unsere Doppelzimmer. Die mit viel Liebe zum Detail restaurierten Zimmer, verf\u00fcgen \u00fcber einen modernen Innenausbau mit traditionellen Materialien und edlem Design. Ein gelungener Mix zwischen Alt und Neu, kombiniert mit einer raffinierten Dekoration. Die \u00fcberhohen R\u00e4ume mit massiven Holzbalken und rustikalen Steinmauern verleihen jedem Zimmer ein [&hellip;]","og_url":"https:\/\/www.masdelarivoire.fr\/de\/gastezimmer-charmant-romantisch-entspannen-suden-frankreich\/","og_site_name":"Mas de la Rivoire","article_modified_time":"2017-07-03T10:23:46+00:00","og_image":[{"url":"https:\/\/www.masdelarivoire.fr\/wp-content\/uploads\/2016\/02\/img_icone_photo_contenu.png","type":"","width":"","height":""}],"twitter_card":"summary_large_image","twitter_misc":{"Gesch\u00e4tzte Lesezeit":"7\u00a0Minuten"},"schema":{"@context":"https:\/\/schema.org","@graph":[{"@type":"WebPage","@id":"https:\/\/www.masdelarivoire.fr\/de\/gastezimmer-charmant-romantisch-entspannen-suden-frankreich\/","url":"https:\/\/www.masdelarivoire.fr\/de\/gastezimmer-charmant-romantisch-entspannen-suden-frankreich\/","name":"G\u00e4stezimmer - Mas de la Rivoire","isPartOf":{"@id":"https:\/\/www.masdelarivoire.fr\/#website"},"primaryImageOfPage":{"@id":"https:\/\/www.masdelarivoire.fr\/de\/gastezimmer-charmant-romantisch-entspannen-suden-frankreich\/#primaryimage"},"image":{"@id":"https:\/\/www.masdelarivoire.fr\/de\/gastezimmer-charmant-romantisch-entspannen-suden-frankreich\/#primaryimage"},"thumbnailUrl":"https:\/\/www.masdelarivoire.fr\/wp-content\/uploads\/2016\/02\/img_icone_photo_contenu.png","datePublished":"2016-12-20T15:46:37+00:00","dateModified":"2017-07-03T10:23:46+00:00","breadcrumb":{"@id":"https:\/\/www.masdelarivoire.fr\/de\/gastezimmer-charmant-romantisch-entspannen-suden-frankreich\/#breadcrumb"},"inLanguage":"de","potentialAction":[{"@type":"ReadAction","target":["https:\/\/www.masdelarivoire.fr\/de\/gastezimmer-charmant-romantisch-entspannen-suden-frankreich\/"]}]},{"@type":"ImageObject","inLanguage":"de","@id":"https:\/\/www.masdelarivoire.fr\/de\/gastezimmer-charmant-romantisch-entspannen-suden-frankreich\/#primaryimage","url":"https:\/\/www.masdelarivoire.fr\/wp-content\/uploads\/2016\/02\/img_icone_photo_contenu.png","contentUrl":"https:\/\/www.masdelarivoire.fr\/wp-content\/uploads\/2016\/02\/img_icone_photo_contenu.png"},{"@type":"BreadcrumbList","@id":"https:\/\/www.masdelarivoire.fr\/de\/gastezimmer-charmant-romantisch-entspannen-suden-frankreich\/#breadcrumb","itemListElement":[{"@type":"ListItem","position":1,"name":"Accueil","item":"https:\/\/www.masdelarivoire.fr\/de\/"},{"@type":"ListItem","position":2,"name":"G\u00e4stezimmer"}]},{"@type":"WebSite","@id":"https:\/\/www.masdelarivoire.fr\/#website","url":"https:\/\/www.masdelarivoire.fr\/","name":"Mas de la Rivoire","description":"G\u00eetes et Chambres d&#039;H\u00f4tes \u00e0 proximit\u00e9 de Sommi\u00e8res - Gard - Sud de la France","potentialAction":[{"@type":"SearchAction","target":{"@type":"EntryPoint","urlTemplate":"https:\/\/www.masdelarivoire.fr\/?s={search_term_string}"},"query-input":{"@type":"PropertyValueSpecification","valueRequired":true,"valueName":"search_term_string"}}],"inLanguage":"de"}]}},"_links":{"self":[{"href":"https:\/\/www.masdelarivoire.fr\/de\/wp-json\/wp\/v2\/pages\/1169","targetHints":{"allow":["GET"]}}],"collection":[{"href":"https:\/\/www.masdelarivoire.fr\/de\/wp-json\/wp\/v2\/pages"}],"about":[{"href":"https:\/\/www.masdelarivoire.fr\/de\/wp-json\/wp\/v2\/types\/page"}],"author":[{"embeddable":true,"href":"https:\/\/www.masdelarivoire.fr\/de\/wp-json\/wp\/v2\/users\/1"}],"replies":[{"embeddable":true,"href":"https:\/\/www.masdelarivoire.fr\/de\/wp-json\/wp\/v2\/comments?post=1169"}],"version-history":[{"count":12,"href":"https:\/\/www.masdelarivoire.fr\/de\/wp-json\/wp\/v2\/pages\/1169\/revisions"}],"predecessor-version":[{"id":2266,"href":"https:\/\/www.masdelarivoire.fr\/de\/wp-json\/wp\/v2\/pages\/1169\/revisions\/2266"}],"wp:attachment":[{"href":"https:\/\/www.masdelarivoire.fr\/de\/wp-json\/wp\/v2\/media?parent=1169"}],"curies":[{"name":"wp","href":"https:\/\/api.w.org\/{rel}","templated":true}]}}